{"id":71,"date":"2022-04-22T16:15:41","date_gmt":"2022-04-22T19:15:41","guid":{"rendered":"http:\/\/ctglacovelho.com.br\/?page_id=71"},"modified":"2022-05-25T15:00:42","modified_gmt":"2022-05-25T18:00:42","slug":"sobre","status":"publish","type":"page","link":"https:\/\/ctglacovelho.com.br\/index.php\/sobre\/","title":{"rendered":"Sobre"},"content":{"rendered":"\t\t<div data-elementor-type=\"wp-page\" data-elementor-id=\"71\" class=\"elementor elementor-71\" data-elementor-settings=\"[]\">\n\t\t\t\t\t\t\t<div class=\"elementor-section-wrap\">\n\t\t\t\t\t\t\t<section class=\"elementor-section elementor-top-section elementor-element elementor-element-a6d97b3 elementor-section-height-min-height elementor-section-boxed elementor-section-height-default elementor-section-items-middle\" data-id=\"a6d97b3\" data-element_type=\"section\">\n\t\t\t\t\t\t\t<div class=\"elementor-background-overlay\"><\/div>\n\t\t\t\t\t\t\t<div class=\"elementor-container elementor-column-gap-default\">\n\t\t\t\t\t<div class=\"elementor-column elementor-col-100 elementor-top-column elementor-element elementor-element-9115f49\" data-id=\"9115f49\" data-element_type=\"column\">\n\t\t\t<div class=\"elementor-widget-wrap elementor-element-populated\">\n\t\t\t\t\t\t\t\t<div class=\"elementor-element elementor-element-d3a2e5c elementor-widget elementor-widget-heading\" data-id=\"d3a2e5c\" data-element_type=\"widget\" data-widget_type=\"heading.default\">\n\t\t\t\t<div class=\"elementor-widget-container\">\n\t\t\t<style>\/*! elementor - v3.5.6 - 28-02-2022 *\/\n.elementor-heading-title{padding:0;margin:0;line-height:1}.elementor-widget-heading .elementor-heading-title[class*=elementor-size-]>a{color:inherit;font-size:inherit;line-height:inherit}.elementor-widget-heading .elementor-heading-title.elementor-size-small{font-size:15px}.elementor-widget-heading .elementor-heading-title.elementor-size-medium{font-size:19px}.elementor-widget-heading .elementor-heading-title.elementor-size-large{font-size:29px}.elementor-widget-heading .elementor-heading-title.elementor-size-xl{font-size:39px}.elementor-widget-heading .elementor-heading-title.elementor-size-xxl{font-size:59px}<\/style><h2 class=\"elementor-heading-title elementor-size-default\">Sobre<\/h2>\t\t<\/div>\n\t\t\t\t<\/div>\n\t\t\t\t\t<\/div>\n\t\t<\/div>\n\t\t\t\t\t\t\t<\/div>\n\t\t<\/section>\n\t\t\t\t<section class=\"elementor-section elementor-top-section elementor-element elementor-element-c87bf1c elementor-section-boxed elementor-section-height-default elementor-section-height-default\" data-id=\"c87bf1c\" data-element_type=\"section\">\n\t\t\t\t\t\t<div class=\"elementor-container elementor-column-gap-default\">\n\t\t\t\t\t<div class=\"elementor-column elementor-col-50 elementor-top-column elementor-element elementor-element-a58c4a0\" data-id=\"a58c4a0\" data-element_type=\"column\">\n\t\t\t<div class=\"elementor-widget-wrap elementor-element-populated\">\n\t\t\t\t\t\t\t\t<div class=\"elementor-element elementor-element-de5ab29 elementor-widget elementor-widget-heading\" data-id=\"de5ab29\" data-element_type=\"widget\" data-widget_type=\"heading.default\">\n\t\t\t\t<div class=\"elementor-widget-container\">\n\t\t\t<h2 class=\"elementor-heading-title elementor-size-default\">Hist\u00f3ria<\/h2>\t\t<\/div>\n\t\t\t\t<\/div>\n\t\t\t\t<div class=\"elementor-element elementor-element-5438d96 elementor-widget elementor-widget-text-editor\" data-id=\"5438d96\" data-element_type=\"widget\" data-widget_type=\"text-editor.default\">\n\t\t\t\t<div class=\"elementor-widget-container\">\n\t\t\t<style>\/*! elementor - v3.5.6 - 28-02-2022 *\/\n.elementor-widget-text-editor.elementor-drop-cap-view-stacked .elementor-drop-cap{background-color:#818a91;color:#fff}.elementor-widget-text-editor.elementor-drop-cap-view-framed .elementor-drop-cap{color:#818a91;border:3px solid;background-color:transparent}.elementor-widget-text-editor:not(.elementor-drop-cap-view-default) .elementor-drop-cap{margin-top:8px}.elementor-widget-text-editor:not(.elementor-drop-cap-view-default) .elementor-drop-cap-letter{width:1em;height:1em}.elementor-widget-text-editor .elementor-drop-cap{float:left;text-align:center;line-height:1;font-size:50px}.elementor-widget-text-editor .elementor-drop-cap-letter{display:inline-block}<\/style>\t\t\t\t<p>O\u00a0<strong>Centro de Tradi\u00e7\u00f5es Ga\u00fachas CTG La\u00e7o Velho<\/strong>\u00a0foi fundado em 29 de agosto de 1957 tem seu registro no MTG sob o n\u00ba 0088 e faz parte da 11\u00aa Regi\u00e3o Tradicionalista Ga\u00facha. Gra\u00e7as aos grandes feitos para a comunidade bento-gon\u00e7alvense, em 24 de janeiro de 1964 foi tornado utilidade p\u00fablica, conforme Decreto Municipal n\u00ba 1498.<\/p><p>Em 1959 foi inaugurado o primeiro galp\u00e3o do CTG, \u00e0 Rua Saldanha Marinho, no centro de Bento Gon\u00e7alves. Alguns anos mais tarde, o CTG foi transferido para uma nova sede, cedida pelo Governo do Estado, onde hoje \u00e9 a Pra\u00e7a Centen\u00e1rio.<\/p><p>Na d\u00e9cada de 1970, o La\u00e7o Velho passou manter suas atividades em sua sede pr\u00f3pria, local privilegiado de nossa cidade, situado na Rua 15 de Novembro, 125 Bairro Planalto, Cidade de Bento Gon\u00e7alves\/RS, onde est\u00e1 at\u00e9 hoje!\u00a0<\/p>\t\t\t\t\t\t<\/div>\n\t\t\t\t<\/div>\n\t\t\t\t\t<\/div>\n\t\t<\/div>\n\t\t\t\t<div class=\"elementor-column elementor-col-50 elementor-top-column elementor-element elementor-element-6b00160\" data-id=\"6b00160\" data-element_type=\"column\">\n\t\t\t<div class=\"elementor-widget-wrap elementor-element-populated\">\n\t\t\t\t\t\t\t\t<div class=\"elementor-element elementor-element-7e3e6a4 elementor-widget__width-auto elementor-widget elementor-widget-image\" data-id=\"7e3e6a4\" data-element_type=\"widget\" data-widget_type=\"image.default\">\n\t\t\t\t<div class=\"elementor-widget-container\">\n\t\t\t<style>\/*! elementor - v3.5.6 - 28-02-2022 *\/\n.elementor-widget-image{text-align:center}.elementor-widget-image a{display:inline-block}.elementor-widget-image a img[src$=\".svg\"]{width:48px}.elementor-widget-image img{vertical-align:middle;display:inline-block}<\/style>\t\t\t\t\t\t\t\t\t\t\t\t<img loading=\"lazy\" decoding=\"async\" width=\"800\" height=\"327\" src=\"https:\/\/ctglacovelho.com.br\/wp-content\/uploads\/2022\/05\/003-1024x418.jpg\" class=\"attachment-large size-large\" alt=\"\" srcset=\"https:\/\/ctglacovelho.com.br\/wp-content\/uploads\/2022\/05\/003-1024x418.jpg 1024w, https:\/\/ctglacovelho.com.br\/wp-content\/uploads\/2022\/05\/003-300x122.jpg 300w, https:\/\/ctglacovelho.com.br\/wp-content\/uploads\/2022\/05\/003-768x313.jpg 768w, https:\/\/ctglacovelho.com.br\/wp-content\/uploads\/2022\/05\/003-1536x626.jpg 1536w, https:\/\/ctglacovelho.com.br\/wp-content\/uploads\/2022\/05\/003.jpg 1680w\" sizes=\"(max-width: 800px) 100vw, 800px\" \/>\t\t\t\t\t\t\t\t\t\t\t\t\t\t\t<\/div>\n\t\t\t\t<\/div>\n\t\t\t\t\t<\/div>\n\t\t<\/div>\n\t\t\t\t\t\t\t<\/div>\n\t\t<\/section>\n\t\t\t\t<section class=\"elementor-section elementor-top-section elementor-element elementor-element-78c5e82 elementor-section-boxed elementor-section-height-default elementor-section-height-default\" data-id=\"78c5e82\" data-element_type=\"section\">\n\t\t\t\t\t\t<div class=\"elementor-container elementor-column-gap-default\">\n\t\t\t\t\t<div class=\"elementor-column elementor-col-100 elementor-top-column elementor-element elementor-element-433f0ed\" data-id=\"433f0ed\" data-element_type=\"column\">\n\t\t\t<div class=\"elementor-widget-wrap elementor-element-populated\">\n\t\t\t\t\t\t\t\t<div class=\"elementor-element elementor-element-0f6c933 elementor-widget elementor-widget-heading\" data-id=\"0f6c933\" data-element_type=\"widget\" data-widget_type=\"heading.default\">\n\t\t\t\t<div class=\"elementor-widget-container\">\n\t\t\t<h2 class=\"elementor-heading-title elementor-size-default\">como nasceu o Centro de Tradi\u00e7\u00f5es ga\u00fachas La\u00e7o Velho<\/h2>\t\t<\/div>\n\t\t\t\t<\/div>\n\t\t\t\t<div class=\"elementor-element elementor-element-c6f2409 elementor-widget elementor-widget-text-editor\" data-id=\"c6f2409\" data-element_type=\"widget\" data-widget_type=\"text-editor.default\">\n\t\t\t\t<div class=\"elementor-widget-container\">\n\t\t\t\t\t\t\t<p>No antigo Bar da Bolsa, todas as tardes, era ponto de encontro de um grupo de amigos para uma caipirinha. Um dia entrou o amigo Homero Borges Vieira (j\u00e1 falecido) pilchado de ga\u00facho e participou da roda.<\/p><p>Entre um assunto e outro, surgiu a ideia de fundarem um CTG, pois eram todos apaixonados por pingos, cuscos, lides campeiras, m\u00fasica e cozinha ga\u00facha.<\/p><p>Faziam parte do grupo, \u00c9des More, Alexandre Fragoso, Milton Trigo \u00c1lvares, Milton Souza e Brazil Flores Machado. A cada encontro eram incorporados novos participantes, como C\u00e9lio Fontoura (Ten\u00f3rio) e Osvaldo Guerra, Mauro Spader, Arn\u00f3brio Frota, Roberto Vargas Ross, Pl\u00ednio Fasolo, Nei Antonio Zardo, sendo este de menor (13 anos) n\u00e3o o deixaram assinar a ata de funda\u00e7\u00e3o.<\/p><p>O entusiasmo crescia e foi convocada uma reuni\u00e3o no Clube Alian\u00e7a, neste dia juntaram-se o senhor Nilo Carraro e o Dion\u00edsio Pasquotto.<\/p><p>Ap\u00f3s as tratativas decidiu-se em fundar um Centro de Tradi\u00e7\u00f5es Ga\u00fachas, o nome de\u00a0<strong>CTG La\u00e7o Velho<\/strong>\u00a0foi inspirado na poesia de Syro Alves Gavi\u00e3o com este t\u00edtulo e sua funda\u00e7\u00e3o ocorreu em 29 de agosto de 1957.<\/p><p>Teve como sede o antigo Corinthians, localizado na Sociedade Boch\u00f3fila, nos fundos da loja Tolotti da Saldanha Marinho, o Primeiro anivers\u00e1rio ocorreu nos sal\u00f5es do Clube Corinthians (o velho casar\u00e3o, que antes foi a primeira sede do Clube Alian\u00e7a). Mais tarde foi para a antiga sede do DAER, onde hoje \u00e9 a Pra\u00e7a Centen\u00e1rio.\u00a0<\/p><p>Nos idos de 1980, o CTG foi transferido para onde \u00e9 sua sede atual. Nesta \u00e1rea, conquistada na 1\u00aa administra\u00e7\u00e3o de Darcy Pozza, foi constru\u00eddo o Galp\u00e3o com a madeira do antigo escrit\u00f3rio do DAER, gra\u00e7as a uma decis\u00e3o do governador Valter Perachi de Barcelos.<\/p><p>Em 1990 foi inaugurada a atual Casa Grande, durante a gest\u00e3o do patr\u00e3o Irani Bertolini. O CTG, com muita \u00eanfase, tem mantido invernadas art\u00edsticas, Pr\u00e9-Mirim, Mirim, Juvenil, Adulta e Xiru, com elogi\u00e1vel equipe de instrutores, monitores e anima\u00e7\u00e3o de um vocal e instrumental gabaritado at\u00e9 mesmo para animar festas e bailes, caso queiram faz\u00ea-lo.<\/p><p>A Entidade mant\u00e9m uma invernada campeira atuante, privilegiada a usufruir uma invej\u00e1vel sede Campestre, localizada na Linha S\u00e3o Miguel, Distrito de S\u00e3o Pedro, e tem constitu\u00eddo uma Cancha de La\u00e7o iluminada e com toda a infraestrutura necess\u00e1ria para funcionar.<\/p>\t\t\t\t\t\t<\/div>\n\t\t\t\t<\/div>\n\t\t\t\t<div class=\"elementor-element elementor-element-b13e7de elementor-widget elementor-widget-toggle\" data-id=\"b13e7de\" data-element_type=\"widget\" data-widget_type=\"toggle.default\">\n\t\t\t\t<div class=\"elementor-widget-container\">\n\t\t\t<style>\/*! elementor - v3.5.6 - 28-02-2022 *\/\n.elementor-toggle{text-align:left}.elementor-toggle .elementor-tab-title{font-weight:700;line-height:1;margin:0;padding:15px;border-bottom:1px solid #d4d4d4;cursor:pointer;outline:none}.elementor-toggle .elementor-tab-title .elementor-toggle-icon{display:inline-block;width:1em}.elementor-toggle .elementor-tab-title .elementor-toggle-icon svg{-webkit-margin-start:-5px;margin-inline-start:-5px;width:1em;height:1em}.elementor-toggle .elementor-tab-title .elementor-toggle-icon.elementor-toggle-icon-right{float:right;text-align:right}.elementor-toggle .elementor-tab-title .elementor-toggle-icon.elementor-toggle-icon-left{float:left;text-align:left}.elementor-toggle .elementor-tab-title .elementor-toggle-icon .elementor-toggle-icon-closed{display:block}.elementor-toggle .elementor-tab-title .elementor-toggle-icon .elementor-toggle-icon-opened{display:none}.elementor-toggle .elementor-tab-title.elementor-active{border-bottom:none}.elementor-toggle .elementor-tab-title.elementor-active .elementor-toggle-icon-closed{display:none}.elementor-toggle .elementor-tab-title.elementor-active .elementor-toggle-icon-opened{display:block}.elementor-toggle .elementor-tab-content{padding:15px;border-bottom:1px solid #d4d4d4;display:none}@media (max-width:767px){.elementor-toggle .elementor-tab-title{padding:12px}.elementor-toggle .elementor-tab-content{padding:12px 10px}}<\/style>\t\t<div class=\"elementor-toggle\" role=\"tablist\">\n\t\t\t\t\t\t\t<div class=\"elementor-toggle-item\">\n\t\t\t\t\t<div id=\"elementor-tab-title-1851\" class=\"elementor-tab-title\" data-tab=\"1\" role=\"tab\" aria-controls=\"elementor-tab-content-1851\" aria-expanded=\"false\">\n\t\t\t\t\t\t\t\t\t\t\t\t<span class=\"elementor-toggle-icon elementor-toggle-icon-left\" aria-hidden=\"true\">\n\t\t\t\t\t\t\t\t\t\t\t\t\t\t\t<span class=\"elementor-toggle-icon-closed\"><i class=\"fas fa-caret-right\"><\/i><\/span>\n\t\t\t\t\t\t\t\t<span class=\"elementor-toggle-icon-opened\"><i class=\"elementor-toggle-icon-opened fas fa-caret-up\"><\/i><\/span>\n\t\t\t\t\t\t\t\t\t\t\t\t\t<\/span>\n\t\t\t\t\t\t\t\t\t\t\t\t<a href=\"\" class=\"elementor-toggle-title\">Poesia inspira\u00e7\u00e3o para Cria\u00e7\u00e3o do nome da Entidade<\/a>\n\t\t\t\t\t<\/div>\n\n\t\t\t\t\t<div id=\"elementor-tab-content-1851\" class=\"elementor-tab-content elementor-clearfix\" data-tab=\"1\" role=\"tabpanel\" aria-labelledby=\"elementor-tab-title-1851\"><p><strong>MEU LA\u00c7O<br \/><\/strong><br \/>Argola presa na ilhapa,<br \/>Mais onze bra\u00e7as tran\u00e7adas,<br \/>Amigo das campereadas,<br \/>Do tempo da Seguidilha\u2026<br \/>Velho trof\u00e9u farroupilha,<br \/>Do pago tens a lembran\u00e7a<br \/>Simbolizada na tran\u00e7a<br \/>Que arremata na presilha.<\/p><p>Meu la\u00e7o de couro cru,<br \/>Sovado a custa de pealo,<br \/>Tanto a p\u00e9, como a cavalo,<br \/>Eu te conhe\u00e7o e manejo\u2026<br \/>Meu la\u00e7o, quando te vejo<br \/>Nas aspas de um touro al\u00e7ado,<br \/>\u00c9 como houvesse pealado<br \/>A prenda do meu desejo.<\/p><p>Eu quebro o cacho do pingo<br \/>E te penduro pachola;<br \/>Debochado, a bate-cola,<br \/>Nas ancas do meu pica\u00e7o.<br \/>Tenho confian\u00e7a no bra\u00e7o,<br \/>Quando, no ar, te \u201cpenero\u201d\u2026<br \/>Se espanta at\u00e9 quero-quero,<br \/>Vendo-te, assim, no espa\u00e7o.Mais tarde, quando eu morrer,<br \/>Velho traste de galp\u00e3o;<br \/>Ao para o cora\u00e7\u00e3o<br \/>Que t\u00e3o alegre, hoje, soa,<br \/>LA\u00c7O VELHO, guasca a-toa,<br \/>Eu te quero enrodilhado,<br \/>No meu caix\u00e3o de finado,<br \/>Fazendo vez de coroa.<\/p><p><strong>SYRO ALVES GAVI\u00c3O<\/strong><\/p><\/div>\n\t\t\t\t<\/div>\n\t\t\t\t\t\t\t\t<\/div>\n\t\t\t\t<\/div>\n\t\t\t\t<\/div>\n\t\t\t\t<div class=\"elementor-element elementor-element-f92d2d1 elementor-widget elementor-widget-text-editor\" data-id=\"f92d2d1\" data-element_type=\"widget\" data-widget_type=\"text-editor.default\">\n\t\t\t\t<div class=\"elementor-widget-container\">\n\t\t\t\t\t\t\t<p>O CTG La\u00e7o Velho participou do 3\u00ba Cante e Encante seu CTG, festival de m\u00fasica realizado pelo MTG, tendo representantes de todo estado.<\/p><p>O trabalho \u201cLA\u00c7O VELHO DE MAGIAS\u201d, com letra de Pedro J\u00fanior da Fontoura, e composi\u00e7\u00e3o musical de Jorge Luiz de Oliveira, foi defendida no festival pelos pr\u00f3prios autores e pelo Grupo Tamoeiro, nas pessoas Ezequiel Wagner De Toni, J\u00f3se Roberto De Oliveira, Natan Sfredo, Alexandre Leal, e Gilson Rigo com a participa\u00e7\u00e3o especial de Altair Fernandes (Feij\u00e3o) no pandeiro.<br \/>O trabalho recebeu o 2\u00ba Lugar do certame que em breve, estar\u00e1 lan\u00e7ando o CD alusivo ao festival.<br \/>Uma preocupa\u00e7\u00e3o do grupo que nos representou, foi quanto \u00e0 indument\u00e1ria, eles resgataram os usos e costumes dos tropeiros birivas que habitavam os campos de cima da serra.<\/p>\t\t\t\t\t\t<\/div>\n\t\t\t\t<\/div>\n\t\t\t\t<div class=\"elementor-element elementor-element-ccf741f elementor-widget elementor-widget-toggle\" data-id=\"ccf741f\" data-element_type=\"widget\" data-widget_type=\"toggle.default\">\n\t\t\t\t<div class=\"elementor-widget-container\">\n\t\t\t\t\t<div class=\"elementor-toggle\" role=\"tablist\">\n\t\t\t\t\t\t\t<div class=\"elementor-toggle-item\">\n\t\t\t\t\t<div id=\"elementor-tab-title-2141\" class=\"elementor-tab-title\" data-tab=\"1\" role=\"tab\" aria-controls=\"elementor-tab-content-2141\" aria-expanded=\"false\">\n\t\t\t\t\t\t\t\t\t\t\t\t<span class=\"elementor-toggle-icon elementor-toggle-icon-left\" aria-hidden=\"true\">\n\t\t\t\t\t\t\t\t\t\t\t\t\t\t\t<span class=\"elementor-toggle-icon-closed\"><i class=\"fas fa-caret-right\"><\/i><\/span>\n\t\t\t\t\t\t\t\t<span class=\"elementor-toggle-icon-opened\"><i class=\"elementor-toggle-icon-opened fas fa-caret-up\"><\/i><\/span>\n\t\t\t\t\t\t\t\t\t\t\t\t\t<\/span>\n\t\t\t\t\t\t\t\t\t\t\t\t<a href=\"\" class=\"elementor-toggle-title\">La\u00e7o Velho de magias<\/a>\n\t\t\t\t\t<\/div>\n\n\t\t\t\t\t<div id=\"elementor-tab-content-2141\" class=\"elementor-tab-content elementor-clearfix\" data-tab=\"1\" role=\"tabpanel\" aria-labelledby=\"elementor-tab-title-2141\"><p>Recitado:<br \/>Sou La\u00e7o Velho campeiro<br \/>Abra\u00e7o o Rio Grande inteiro<br \/>O litor\u00e2neo, o missioneiro,<br \/>Planalto e o \u00cdndio Guarani<br \/>Com todos me \u201chermano\u201d<br \/>Na minha p\u00e1tria nativa<br \/>Pois tenho a alma biriva<br \/>Eu sou Ga\u00facho Serrano <br \/>Num galope de saudade<br \/>Venho encurtando caminhos<br \/>Pra rever meu La\u00e7o Velho<br \/>Sorver amor e carinho<br \/>Tran\u00e7ar arte e sentimento<br \/>Neste ch\u00e3o ga\u00facho e bento<br \/>Golpeando uns \u201cgole\u201d de vinho.<\/p><p>La\u00e7o Velho de encantos<br \/>De culturas ancestrais<br \/>La\u00e7o Velho de magias<br \/>Transcendendo mananciais<br \/>Meu CTG primitivo<br \/>Preservando o que \u00e9 nativo<br \/>Bordado por parreirais.<\/p><p>A cultura regional<br \/>Tranca o p\u00e9 na tradi\u00e7\u00e3o<br \/>Entidade fraternal<br \/>Mescla vinho e chimarr\u00e3o<br \/>Orgulho xucro da serra<br \/>Cart\u00e3o postal desta Terra<br \/>Cravado no cora\u00e7\u00e3o.Depois de andar t\u00e3o distante<br \/>Vejo que aqui \u00e9 meu lar<br \/>La\u00e7o Velho das tert\u00falias<br \/>Inspira\u00e7\u00e3o pro cantar<br \/>Gauchesco e italiano<br \/>Eu contigo me \u201chermano\u201d<br \/>Com mil raz\u00f5es pra te amar. <br \/>Letra: Pedro Junior da Fontoura<br \/>M\u00fasica: Jorge Luis de Oliveira<\/p><\/div>\n\t\t\t\t<\/div>\n\t\t\t\t\t\t\t\t<\/div>\n\t\t\t\t<\/div>\n\t\t\t\t<\/div>\n\t\t\t\t\t<\/div>\n\t\t<\/div>\n\t\t\t\t\t\t\t<\/div>\n\t\t<\/section>\n\t\t\t\t\t\t<\/div>\n\t\t\t\t\t<\/div>\n\t\t","protected":false},"excerpt":{"rendered":"<p>Hist\u00f3ria O\u00a0Centro de Tradi\u00e7\u00f5es Ga\u00fachas CTG La\u00e7o Velho\u00a0foi fundado em 29 de agosto de 1957 tem seu registro no MTG sob o n\u00ba 0088 e faz parte da 11\u00aa Regi\u00e3o Tradicionalista Ga\u00facha. Gra\u00e7as aos grandes feitos para a comunidade bento-gon\u00e7alvense, em 24 de janeiro de 1964 foi tornado utilidade p\u00fablica, conforme Decreto Municipal n\u00ba 1498. [&hellip;]<\/p>\n","protected":false},"author":1,"featured_media":0,"parent":0,"menu_order":0,"comment_status":"closed","ping_status":"closed","template":"","meta":{"footnotes":""},"_links":{"self":[{"href":"https:\/\/ctglacovelho.com.br\/index.php\/wp-json\/wp\/v2\/pages\/71"}],"collection":[{"href":"https:\/\/ctglacovelho.com.br\/index.php\/wp-json\/wp\/v2\/pages"}],"about":[{"href":"https:\/\/ctglacovelho.com.br\/index.php\/wp-json\/wp\/v2\/types\/page"}],"author":[{"embeddable":true,"href":"https:\/\/ctglacovelho.com.br\/index.php\/wp-json\/wp\/v2\/users\/1"}],"replies":[{"embeddable":true,"href":"https:\/\/ctglacovelho.com.br\/index.php\/wp-json\/wp\/v2\/comments?post=71"}],"version-history":[{"count":10,"href":"https:\/\/ctglacovelho.com.br\/index.php\/wp-json\/wp\/v2\/pages\/71\/revisions"}],"predecessor-version":[{"id":365,"href":"https:\/\/ctglacovelho.com.br\/index.php\/wp-json\/wp\/v2\/pages\/71\/revisions\/365"}],"wp:attachment":[{"href":"https:\/\/ctglacovelho.com.br\/index.php\/wp-json\/wp\/v2\/media?parent=71"}],"curies":[{"name":"wp","href":"https:\/\/api.w.org\/{rel}","templated":true}]}}